{"id":3150,"date":"2022-11-30T00:20:38","date_gmt":"2022-11-30T00:20:38","guid":{"rendered":"https:\/\/www.antjeseeber.com\/mentales-coaching\/"},"modified":"2025-08-01T15:36:07","modified_gmt":"2025-08-01T14:36:07","slug":"mentales-coaching","status":"publish","type":"page","link":"https:\/\/www.antjeseeber.com\/de\/coachingwelt\/mentales-coaching\/","title":{"rendered":"Mentales Coaching"},"content":{"rendered":"\t\t<div data-elementor-type=\"wp-page\" data-elementor-id=\"3150\" class=\"elementor elementor-3150 elementor-760\" data-elementor-post-type=\"page\">\n\t\t\t\t<div class=\"elementor-element elementor-element-1a763af5 e-flex e-con-boxed e-con e-parent\" data-id=\"1a763af5\" data-element_type=\"container\" data-settings=\"{&quot;background_background&quot;:&quot;classic&quot;}\">\n\t\t\t\t\t<div class=\"e-con-inner\">\n\t\t\t\t<div class=\"elementor-element elementor-element-232fc819 elementor-widget elementor-widget-heading\" data-id=\"232fc819\" data-element_type=\"widget\" data-widget_type=\"heading.default\">\n\t\t\t\t<div class=\"elementor-widget-container\">\n\t\t\t\t\t<h1 class=\"elementor-heading-title elementor-size-default\">Mentales Coaching<\/h1>\t\t\t\t<\/div>\n\t\t\t\t<\/div>\n\t\t\t\t\t<\/div>\n\t\t\t\t<\/div>\n\t\t<div class=\"elementor-element elementor-element-69b78a87 e-con-full e-flex e-con e-parent\" data-id=\"69b78a87\" data-element_type=\"container\" id=\"intro\" data-settings=\"{&quot;background_background&quot;:&quot;classic&quot;}\">\n\t\t\t\t<div class=\"elementor-element elementor-element-e8451e5 elementor-widget__width-auto underline elementor-widget elementor-widget-heading\" data-id=\"e8451e5\" data-element_type=\"widget\" data-widget_type=\"heading.default\">\n\t\t\t\t<div class=\"elementor-widget-container\">\n\t\t\t\t\t<h4 class=\"elementor-heading-title elementor-size-default\">F\u00fchlen Sie sich in Ihrem Leben unzufrieden, wissen aber nicht wirklich, warum?\n<\/h4>\t\t\t\t<\/div>\n\t\t\t\t<\/div>\n\t\t\t\t<div class=\"elementor-element elementor-element-b4646f8 elementor-widget__width-auto underline elementor-widget elementor-widget-heading\" data-id=\"b4646f8\" data-element_type=\"widget\" data-widget_type=\"heading.default\">\n\t\t\t\t<div class=\"elementor-widget-container\">\n\t\t\t\t\t<h4 class=\"elementor-heading-title elementor-size-default\">F\u00fchlen Sie sich in Ihrem Privat- oder Berufsleben nicht gew\u00fcrdigt?<\/h4>\t\t\t\t<\/div>\n\t\t\t\t<\/div>\n\t\t\t\t<div class=\"elementor-element elementor-element-0dc6531 elementor-widget__width-auto underline elementor-widget elementor-widget-heading\" data-id=\"0dc6531\" data-element_type=\"widget\" data-widget_type=\"heading.default\">\n\t\t\t\t<div class=\"elementor-widget-container\">\n\t\t\t\t\t<h4 class=\"elementor-heading-title elementor-size-default\">K\u00e4mpfen Sie mit einem geringen Selbstwertgef\u00fchl?\n<\/h4>\t\t\t\t<\/div>\n\t\t\t\t<\/div>\n\t\t\t\t<div class=\"elementor-element elementor-element-e943863 elementor-widget__width-auto underline elementor-widget elementor-widget-heading\" data-id=\"e943863\" data-element_type=\"widget\" data-widget_type=\"heading.default\">\n\t\t\t\t<div class=\"elementor-widget-container\">\n\t\t\t\t\t<h4 class=\"elementor-heading-title elementor-size-default\">W\u00fcnschen Sie sich mehr Lebensfreude und Erfolg in Ihrem beruflichen oder privaten Leben?\n<\/h4>\t\t\t\t<\/div>\n\t\t\t\t<\/div>\n\t\t\t\t<\/div>\n\t\t<div class=\"elementor-element elementor-element-16bfe5d3 e-flex e-con-boxed e-con e-parent\" data-id=\"16bfe5d3\" data-element_type=\"container\" data-settings=\"{&quot;background_motion_fx_translateY_effect&quot;:&quot;yes&quot;,&quot;background_motion_fx_translateY_affectedRange&quot;:{&quot;unit&quot;:&quot;%&quot;,&quot;size&quot;:&quot;&quot;,&quot;sizes&quot;:{&quot;start&quot;:0,&quot;end&quot;:63}},&quot;background_motion_fx_translateY_speed&quot;:{&quot;unit&quot;:&quot;px&quot;,&quot;size&quot;:4,&quot;sizes&quot;:[]},&quot;background_motion_fx_devices&quot;:[&quot;desktop&quot;,&quot;tablet&quot;,&quot;mobile&quot;]}\">\n\t\t\t\t\t<div class=\"e-con-inner\">\n\t\t\t\t<div class=\"elementor-element elementor-element-2eb4371 elementor-widget__width-initial elementor-widget-tablet__width-initial elementor-widget elementor-widget-image\" data-id=\"2eb4371\" data-element_type=\"widget\" data-widget_type=\"image.default\">\n\t\t\t\t<div class=\"elementor-widget-container\">\n\t\t\t\t\t\t\t\t\t\t\t\t\t\t\t<img fetchpriority=\"high\" decoding=\"async\" width=\"741\" height=\"1024\" src=\"https:\/\/www.antjeseeber.com\/wp-content\/uploads\/3V9A08241-019-741x1024.jpg\" class=\"attachment-large size-large wp-image-2849\" alt=\"\" srcset=\"https:\/\/www.antjeseeber.com\/wp-content\/uploads\/3V9A08241-019-741x1024.jpg 741w, https:\/\/www.antjeseeber.com\/wp-content\/uploads\/3V9A08241-019-217x300.jpg 217w, https:\/\/www.antjeseeber.com\/wp-content\/uploads\/3V9A08241-019-768x1061.jpg 768w, https:\/\/www.antjeseeber.com\/wp-content\/uploads\/3V9A08241-019.jpg 905w\" sizes=\"(max-width: 741px) 100vw, 741px\">\t\t\t\t\t\t\t\t\t\t\t\t\t\t\t<\/div>\n\t\t\t\t<\/div>\n\t\t\t\t<div class=\"elementor-element elementor-element-15326112 elementor-widget elementor-widget-text-editor\" data-id=\"15326112\" data-element_type=\"widget\" data-widget_type=\"text-editor.default\">\n\t\t\t\t<div class=\"elementor-widget-container\">\n\t\t\t\t\t\t\t\t\t<p>Als Mentalcoach helfe ich Ihnen, diesen Themen auf den Grund zu gehen und Resilienz f\u00fcr herausfordernde Lebenssituationen wie Trennungen, Krankheiten, K\u00fcndigungen und Pandemien aufzubauen. Sie m\u00fcssen mit diesen herausfordernden Zeiten nicht alleine sein.<br \/>Mentalcoaching hilft Ihnen in vielen Lebensbereichen. Sie bekommen:<\/p>\n<ul>\n<li>Klarheit \u00fcber die Dinge<\/li>\n<li><span style=\"font-style: inherit; font-weight: inherit; text-align: var(--text-align); background-color: var( --e-global-color-astglobalcolor5 ); color: var(--ast-global-color-7);\">Hilfestellung durch wertvolle Ans\u00e4tze<\/span><\/li>\n<li>Neue Perspektiven und Blickwinkel<\/li>\n<li><span style=\"font-style: inherit; font-weight: inherit; text-align: var(--text-align); background-color: var( --e-global-color-astglobalcolor5 ); color: var(--ast-global-color-7);\">Die F\u00e4higkeit in herausfordernden Situationen das Positive zu erkennen<\/span><\/li>\n<\/ul>\n<p>Sie werden danach in der Lage sein, gest\u00e4rkt aus negativen Situationen in die Zukunft zu gehen.<\/p>\n\t\t\t\t\t\t\t\t<\/div>\n\t\t\t\t<\/div>\n\t\t\t\t\t<\/div>\n\t\t\t\t<\/div>\n\t\t<div class=\"elementor-element elementor-element-7f641179 e-flex e-con-boxed e-con e-parent\" data-id=\"7f641179\" data-element_type=\"container\" data-settings=\"{&quot;background_motion_fx_translateY_effect&quot;:&quot;yes&quot;,&quot;background_motion_fx_translateY_affectedRange&quot;:{&quot;unit&quot;:&quot;%&quot;,&quot;size&quot;:&quot;&quot;,&quot;sizes&quot;:{&quot;start&quot;:0,&quot;end&quot;:63}},&quot;background_motion_fx_translateY_speed&quot;:{&quot;unit&quot;:&quot;px&quot;,&quot;size&quot;:4,&quot;sizes&quot;:[]},&quot;background_motion_fx_devices&quot;:[&quot;desktop&quot;,&quot;tablet&quot;,&quot;mobile&quot;]}\">\n\t\t\t\t\t<div class=\"e-con-inner\">\n\t\t\t\t<div class=\"elementor-element elementor-element-2f10e370 elementor-widget elementor-widget-heading\" data-id=\"2f10e370\" data-element_type=\"widget\" data-widget_type=\"heading.default\">\n\t\t\t\t<div class=\"elementor-widget-container\">\n\t\t\t\t\t<h2 class=\"elementor-heading-title elementor-size-default\"><span style=\"font-size: 2.625rem;text-align: start;background-color: var( --e-global-color-astglobalcolor5 )\">Die Kraft der Gedanken<\/span><\/h2>\t\t\t\t<\/div>\n\t\t\t\t<\/div>\n\t\t\t\t<div class=\"elementor-element elementor-element-32187f2b elementor-widget-mobile__width-initial elementor-widget elementor-widget-text-editor\" data-id=\"32187f2b\" data-element_type=\"widget\" data-widget_type=\"text-editor.default\">\n\t\t\t\t<div class=\"elementor-widget-container\">\n\t\t\t\t\t\t\t\t\t<p style=\"font-size: 16px; font-style: normal; font-weight: 400;\">Ein Sprichwort besagt: &#8222;Wir sind, was wir denken&#8220;.<br \/>Wenn wir st\u00e4ndig negative Gedanken denken, f\u00fchlen wir uns schlecht, ungl\u00fccklich und es l\u00e4hmt unser Handeln. Dominieren jedoch positive Gedanken, werden im Gehirn Hormone ausgesch\u00fcttet, die uns motivieren, gl\u00fccklich machen und uns helfen, erfolgreich zu sein.<\/p>\n<p style=\"font-size: 16px; font-style: normal; font-weight: 400;\">Wie wir unsere Gedanken wahrnehmen, was wir f\u00fchlen, wie wir darauf reagieren und wie wir handeln, wird allein von der subjektiven Welt jedes Einzelnen bestimmt, die oft von fr\u00fcheren Erfahrungen gepr\u00e4gt ist. <\/p>\n<p style=\"font-size: 16px; font-style: normal; font-weight: 400;\">Durch ein Coaching mit mir k\u00f6nnen Sie sich Ihrer Gedanken, Gef\u00fchle und Reaktionen bewusst werden, neue Wege und L\u00f6sungen suchen und entwickeln. Einzelcoaching ist pers\u00f6nlich oder online m\u00f6glich.<\/p>\n<p style=\"font-size: 16px; font-style: normal; font-weight: 400;\"><span style=\"font-weight: bold;\">Bringen Sie mehr von Ihrem unentdeckten und nicht aktivierten positiven Denken an die Oberfl\u00e4che, um Ihr volles Potenzial zu verwirklichen.<\/span><\/p>\n\t\t\t\t\t\t\t\t<\/div>\n\t\t\t\t<\/div>\n\t\t\t\t\t<\/div>\n\t\t\t\t<\/div>\n\t\t<div class=\"elementor-element elementor-element-39a95fac e-flex e-con-boxed e-con e-parent\" data-id=\"39a95fac\" data-element_type=\"container\" data-settings=\"{&quot;background_background&quot;:&quot;classic&quot;}\">\n\t\t\t\t\t<div class=\"e-con-inner\">\n\t\t\t\t<div class=\"elementor-element elementor-element-47264e15 elementor-view-stacked elementor-absolute elementor-shape-circle elementor-widget elementor-widget-icon\" data-id=\"47264e15\" data-element_type=\"widget\" data-settings=\"{&quot;_position&quot;:&quot;absolute&quot;}\" data-widget_type=\"icon.default\">\n\t\t\t\t<div class=\"elementor-widget-container\">\n\t\t\t\t\t\t\t<div class=\"elementor-icon-wrapper\">\n\t\t\t<div class=\"elementor-icon\">\n\t\t\t<i aria-hidden=\"true\" class=\"fas fa-question\"><\/i>\t\t\t<\/div>\n\t\t<\/div>\n\t\t\t\t\t\t<\/div>\n\t\t\t\t<\/div>\n\t\t\t\t<div class=\"elementor-element elementor-element-2c8d6094 align-at-right uael-faq-box-layout-yes elementor-widget elementor-widget-global elementor-global-3162 elementor-global-703 elementor-widget-uael-faq\" data-id=\"2c8d6094\" data-element_type=\"widget\" data-widget_type=\"uael-faq.default\">\n\t\t\t\t<div class=\"elementor-widget-container\">\n\t\t\t\t\t\n\t\t\t<div id='uael-faq-wrapper-747' class=\"uael-faq-wrapper\">\n\t\t\t\t<div class=\"uael-faq-container uael-faq-layout-accordion\" data-layout=\"accordion\" >\n\t\t\t\t\t\t\t\t\t\t\t\t<div id=\"uael-accordion-adea5ec\" class=\"uael-faq-accordion\" role=\"tablist\">\n\t\t\t\t\t\t\t\t<div class= \"uael-accordion-title\" aria-expanded=\"false\" role=\"tab\">\n\t\t\t\t\t\t\t\t\t<span class=\"uael-accordion-icon uael-accordion-icon-right\">\n\t\t\t\t\t\t\t\t\t\t<span class=\"uael-accordion-icon-closed\"><i class=\"fas fa-plus\"><\/i><\/span>\n\t\t\t\t\t\t\t\t\t\t<span class=\"uael-accordion-icon-opened\"><i class=\"fas fa-minus\"><\/i><\/span>\n\t\t\t\t\t\t\t\t\t<\/span>\n\t\t\t\t\t\t\t\t\t<span class=\"uael-question-adea5ec uael-question-span\" tabindex=\"0\" id=\"uael-faq-1-69f7269c9383b\">Wie oft brauche ich ein Coaching, bevor ich eine Ver\u00e4nderung in meinem Leben bemerke?<\/span>\n\t\t\t\t\t\t\t\t<\/div>\n\t\t\t\t\t\t\t\t<div class=\"uael-accordion-content\" role=\"tabpanel\">\n\t\t\t\t\t\t\t\t\t<span>\n\t\t\t\t\t\t\t\t\t<span>Das ist bei jedem Menschen anders und kann daher nicht so pauschal beantwortet werden. Oft reicht eine Stunde aus, manchmal sind aber auch 2-3 Coaching-Sitzungen n\u00f6tig. Nach dem ersten Termin werde ich Dir den f\u00fcr Dich besten Weg empfehlen und wir k\u00f6nnen gemeinsam entscheiden.  <\/span>\t\t\t\t\t\t\t\t\t<\/span>\n\t\t\t\t\t\t\t\t<\/div>\n\t\t\t\t\t\t\t<\/div>\n\t\t\t\t\t\t\t\t\t\t\t\t\t\t<div id=\"uael-accordion-aac0511\" class=\"uael-faq-accordion\" role=\"tablist\">\n\t\t\t\t\t\t\t\t<div class= \"uael-accordion-title\" aria-expanded=\"false\" role=\"tab\">\n\t\t\t\t\t\t\t\t\t<span class=\"uael-accordion-icon uael-accordion-icon-right\">\n\t\t\t\t\t\t\t\t\t\t<span class=\"uael-accordion-icon-closed\"><i class=\"fas fa-plus\"><\/i><\/span>\n\t\t\t\t\t\t\t\t\t\t<span class=\"uael-accordion-icon-opened\"><i class=\"fas fa-minus\"><\/i><\/span>\n\t\t\t\t\t\t\t\t\t<\/span>\n\t\t\t\t\t\t\t\t\t<span class=\"uael-question-aac0511 uael-question-span\" tabindex=\"0\" id=\"uael-faq-2-69f7269c938b4\">Kann und soll ich mich auf das Coaching vorbereiten?<\/span>\n\t\t\t\t\t\t\t\t<\/div>\n\t\t\t\t\t\t\t\t<div class=\"uael-accordion-content\" role=\"tabpanel\">\n\t\t\t\t\t\t\t\t\t<span>\n\t\t\t\t\t\t\t\t\t<span>Du kannst dir gerne im Vorfeld die Themen oder Fragen notieren, die Dir am wichtigsten sind. Ich ben\u00f6tige von Dir keine Vorabinformationen, denn meine Arbeit ist auf Deine individuellen Bed\u00fcrfnisse am Tag abgestimmt. Bitte bringe festes Schuhwerk, wetterangepasste Kleidung und einen Notizblock mit.  <\/span>\t\t\t\t\t\t\t\t\t<\/span>\n\t\t\t\t\t\t\t\t<\/div>\n\t\t\t\t\t\t\t<\/div>\n\t\t\t\t\t\t\t\t\t\t\t\t\t\t<div id=\"uael-accordion-f28ea7e\" class=\"uael-faq-accordion\" role=\"tablist\">\n\t\t\t\t\t\t\t\t<div class= \"uael-accordion-title\" aria-expanded=\"false\" role=\"tab\">\n\t\t\t\t\t\t\t\t\t<span class=\"uael-accordion-icon uael-accordion-icon-right\">\n\t\t\t\t\t\t\t\t\t\t<span class=\"uael-accordion-icon-closed\"><i class=\"fas fa-plus\"><\/i><\/span>\n\t\t\t\t\t\t\t\t\t\t<span class=\"uael-accordion-icon-opened\"><i class=\"fas fa-minus\"><\/i><\/span>\n\t\t\t\t\t\t\t\t\t<\/span>\n\t\t\t\t\t\t\t\t\t<span class=\"uael-question-f28ea7e uael-question-span\" tabindex=\"0\" id=\"uael-faq-3-69f7269c938e9\">Brauche ich Erfahrung im Umgang mit Pferden? <\/span>\n\t\t\t\t\t\t\t\t<\/div>\n\t\t\t\t\t\t\t\t<div class=\"uael-accordion-content\" role=\"tabpanel\">\n\t\t\t\t\t\t\t\t\t<span>\n\t\t\t\t\t\t\t\t\t<span>Nein. Auch wenn Du Angst vor Pferden hast, ist das kein Hindernis f\u00fcr ein unvergessliches Coaching-Erlebnis. Ich werde Dich behutsam anleiten und f\u00fcr Deine Sicherheit sorgen.  <\/span>\t\t\t\t\t\t\t\t\t<\/span>\n\t\t\t\t\t\t\t\t<\/div>\n\t\t\t\t\t\t\t<\/div>\n\t\t\t\t\t\t\t\t\t\t\t\t\t\t<div id=\"uael-accordion-7e0f920\" class=\"uael-faq-accordion\" role=\"tablist\">\n\t\t\t\t\t\t\t\t<div class= \"uael-accordion-title\" aria-expanded=\"false\" role=\"tab\">\n\t\t\t\t\t\t\t\t\t<span class=\"uael-accordion-icon uael-accordion-icon-right\">\n\t\t\t\t\t\t\t\t\t\t<span class=\"uael-accordion-icon-closed\"><i class=\"fas fa-plus\"><\/i><\/span>\n\t\t\t\t\t\t\t\t\t\t<span class=\"uael-accordion-icon-opened\"><i class=\"fas fa-minus\"><\/i><\/span>\n\t\t\t\t\t\t\t\t\t<\/span>\n\t\t\t\t\t\t\t\t\t<span class=\"uael-question-7e0f920 uael-question-span\" tabindex=\"0\" id=\"uael-faq-4-69f7269c93916\">Wie lange dauert eine pferdegest\u00fctzte Coaching-Sitzung?<\/span>\n\t\t\t\t\t\t\t\t<\/div>\n\t\t\t\t\t\t\t\t<div class=\"uael-accordion-content\" role=\"tabpanel\">\n\t\t\t\t\t\t\t\t\t<span>\n\t\t\t\t\t\t\t\t\t<span>In der Regel etwa 60-90 Minuten.\n<\/span>\t\t\t\t\t\t\t\t\t<\/span>\n\t\t\t\t\t\t\t\t<\/div>\n\t\t\t\t\t\t\t<\/div>\n\t\t\t\t\t\t\t\t\t\t\t\t\t\t<div id=\"uael-accordion-c47a86e\" class=\"uael-faq-accordion\" role=\"tablist\">\n\t\t\t\t\t\t\t\t<div class= \"uael-accordion-title\" aria-expanded=\"false\" role=\"tab\">\n\t\t\t\t\t\t\t\t\t<span class=\"uael-accordion-icon uael-accordion-icon-right\">\n\t\t\t\t\t\t\t\t\t\t<span class=\"uael-accordion-icon-closed\"><i class=\"fas fa-plus\"><\/i><\/span>\n\t\t\t\t\t\t\t\t\t\t<span class=\"uael-accordion-icon-opened\"><i class=\"fas fa-minus\"><\/i><\/span>\n\t\t\t\t\t\t\t\t\t<\/span>\n\t\t\t\t\t\t\t\t\t<span class=\"uael-question-c47a86e uael-question-span\" tabindex=\"0\" id=\"uael-faq-5-69f7269c93988\">Wie hoch sind die Kosten f\u00fcr ein Einzelcoaching?<\/span>\n\t\t\t\t\t\t\t\t<\/div>\n\t\t\t\t\t\t\t\t<div class=\"uael-accordion-content\" role=\"tabpanel\">\n\t\t\t\t\t\t\t\t\t<span>\n\t\t\t\t\t\t\t\t\t<span><p class=\"p1\">Gerne sende ich Dir unverbindlich Informationen \u00fcber meine Angebote und Modalit\u00e4ten zu. Bitte <a href=\"#contact\">setze Dich mit mir in Verbindung<\/a>. <\/p><\/span>\t\t\t\t\t\t\t\t\t<\/span>\n\t\t\t\t\t\t\t\t<\/div>\n\t\t\t\t\t\t\t<\/div>\n\t\t\t\t\t\t\t\t\t\t\t\t\t\t<div id=\"uael-accordion-8c731f0\" class=\"uael-faq-accordion\" role=\"tablist\">\n\t\t\t\t\t\t\t\t<div class= \"uael-accordion-title\" aria-expanded=\"false\" role=\"tab\">\n\t\t\t\t\t\t\t\t\t<span class=\"uael-accordion-icon uael-accordion-icon-right\">\n\t\t\t\t\t\t\t\t\t\t<span class=\"uael-accordion-icon-closed\"><i class=\"fas fa-plus\"><\/i><\/span>\n\t\t\t\t\t\t\t\t\t\t<span class=\"uael-accordion-icon-opened\"><i class=\"fas fa-minus\"><\/i><\/span>\n\t\t\t\t\t\t\t\t\t<\/span>\n\t\t\t\t\t\t\t\t\t<span class=\"uael-question-8c731f0 uael-question-span\" tabindex=\"0\" id=\"uael-faq-6-69f7269c939ba\">Kann ich vorher ein Kennenlerngespr\u00e4ch f\u00fchren, um zu sehen, ob es das Richtige f\u00fcr mich ist?<\/span>\n\t\t\t\t\t\t\t\t<\/div>\n\t\t\t\t\t\t\t\t<div class=\"uael-accordion-content\" role=\"tabpanel\">\n\t\t\t\t\t\t\t\t\t<span>\n\t\t\t\t\t\t\t\t\t<span><p class=\"p1\">Ja, ich f\u00fchre gerne ein kostenloses 30-min\u00fctiges Kennenlerngespr\u00e4ch mit Dir pers\u00f6nlich, am Telefon oder per Videoanruf.<\/p><\/span>\t\t\t\t\t\t\t\t\t<\/span>\n\t\t\t\t\t\t\t\t<\/div>\n\t\t\t\t\t\t\t<\/div>\n\t\t\t\t\t\t\t\t\t\t\t\t\t\t<div id=\"uael-accordion-22647ed\" class=\"uael-faq-accordion\" role=\"tablist\">\n\t\t\t\t\t\t\t\t<div class= \"uael-accordion-title\" aria-expanded=\"false\" role=\"tab\">\n\t\t\t\t\t\t\t\t\t<span class=\"uael-accordion-icon uael-accordion-icon-right\">\n\t\t\t\t\t\t\t\t\t\t<span class=\"uael-accordion-icon-closed\"><i class=\"fas fa-plus\"><\/i><\/span>\n\t\t\t\t\t\t\t\t\t\t<span class=\"uael-accordion-icon-opened\"><i class=\"fas fa-minus\"><\/i><\/span>\n\t\t\t\t\t\t\t\t\t<\/span>\n\t\t\t\t\t\t\t\t\t<span class=\"uael-question-22647ed uael-question-span\" tabindex=\"0\" id=\"uael-faq-7-69f7269c939e4\">Wo finden die Coachingsitzungen statt?<\/span>\n\t\t\t\t\t\t\t\t<\/div>\n\t\t\t\t\t\t\t\t<div class=\"uael-accordion-content\" role=\"tabpanel\">\n\t\t\t\t\t\t\t\t\t<span>\n\t\t\t\t\t\t\t\t\t<span><p>Alle Coaching-Sitzungen mit Pferden finden auf unserem Landgut in Portugal im s\u00fcdlichen Alentejo statt. Es besteht die M\u00f6glichkeit, eines der Ferienh\u00e4user auf dem Landgut zu mieten, so dass Du einen Urlaub mit Deiner pers\u00f6nlichen Entwicklungsarbeit verbinden kannst. Informationen zu den Ferienh\u00e4usern findest Du unter <a href=\"https:\/\/www.sernadinha.net\" target=\"_blank\" rel=\"noopener\">www.sernadinha.net<\/a>. Es gibt auch andere Unterkunftsm\u00f6glichkeiten in der N\u00e4he.   Ich helfe Dir gerne bei der Suche nach der f\u00fcr Dich am besten geeigneten Unterkunft.<\/p><\/span>\t\t\t\t\t\t\t\t\t<\/span>\n\t\t\t\t\t\t\t\t<\/div>\n\t\t\t\t\t\t\t<\/div>\n\t\t\t\t\t\t\t\t\t\t\t\t\t\t<div id=\"uael-accordion-0b52f08\" class=\"uael-faq-accordion\" role=\"tablist\">\n\t\t\t\t\t\t\t\t<div class= \"uael-accordion-title\" aria-expanded=\"false\" role=\"tab\">\n\t\t\t\t\t\t\t\t\t<span class=\"uael-accordion-icon uael-accordion-icon-right\">\n\t\t\t\t\t\t\t\t\t\t<span class=\"uael-accordion-icon-closed\"><i class=\"fas fa-plus\"><\/i><\/span>\n\t\t\t\t\t\t\t\t\t\t<span class=\"uael-accordion-icon-opened\"><i class=\"fas fa-minus\"><\/i><\/span>\n\t\t\t\t\t\t\t\t\t<\/span>\n\t\t\t\t\t\t\t\t\t<span class=\"uael-question-0b52f08 uael-question-span\" tabindex=\"0\" id=\"uael-faq-8-69f7269c93a0d\">Welchen Flughafen soll ich anfliegen?<\/span>\n\t\t\t\t\t\t\t\t<\/div>\n\t\t\t\t\t\t\t\t<div class=\"uael-accordion-content\" role=\"tabpanel\">\n\t\t\t\t\t\t\t\t\t<span>\n\t\t\t\t\t\t\t\t\t<span><p>Faro- und Lissabon Airport sind in etwa 1.30h oder 1.45h Fahrtzeit mit dem Auto zu erreichen.<\/p><\/span>\t\t\t\t\t\t\t\t\t<\/span>\n\t\t\t\t\t\t\t\t<\/div>\n\t\t\t\t\t\t\t<\/div>\n\t\t\t\t\t\t\t\t\t\t\t\t\t\t<div id=\"uael-accordion-90880c5\" class=\"uael-faq-accordion\" role=\"tablist\">\n\t\t\t\t\t\t\t\t<div class= \"uael-accordion-title\" aria-expanded=\"false\" role=\"tab\">\n\t\t\t\t\t\t\t\t\t<span class=\"uael-accordion-icon uael-accordion-icon-right\">\n\t\t\t\t\t\t\t\t\t\t<span class=\"uael-accordion-icon-closed\"><i class=\"fas fa-plus\"><\/i><\/span>\n\t\t\t\t\t\t\t\t\t\t<span class=\"uael-accordion-icon-opened\"><i class=\"fas fa-minus\"><\/i><\/span>\n\t\t\t\t\t\t\t\t\t<\/span>\n\t\t\t\t\t\t\t\t\t<span class=\"uael-question-90880c5 uael-question-span\" tabindex=\"0\" id=\"uael-faq-9-69f7269c93a36\">Kann ich Vollpension bzw Halbpension zubuchen?<\/span>\n\t\t\t\t\t\t\t\t<\/div>\n\t\t\t\t\t\t\t\t<div class=\"uael-accordion-content\" role=\"tabpanel\">\n\t\t\t\t\t\t\t\t\t<span>\n\t\t\t\t\t\t\t\t\t<span><p>Nein, die K\u00fcchen in den Ferienh\u00e4usern sind bestens ausgestattet, um sich selbst etwas nach eigenem Geschmack zuzubereiten. Wer sich bekochen lassen m\u00f6chte, findet in der N\u00e4he und an den Str\u00e4nden eine Vielzahl von Restaurants mit leckeren portugiesischen und internationalen Gerichten. <\/p><\/span>\t\t\t\t\t\t\t\t\t<\/span>\n\t\t\t\t\t\t\t\t<\/div>\n\t\t\t\t\t\t\t<\/div>\n\t\t\t\t\t\t\t\t\t\t\t<\/div>\n\t\t\t<\/div>\n\t\t\t\t\t\t\t<\/div>\n\t\t\t\t<\/div>\n\t\t\t\t\t<\/div>\n\t\t\t\t<\/div>\n\t\t\t\t<\/div>\n\t\t","protected":false},"excerpt":{"rendered":"<p>&#8222;Wir sind, was wir denken&#8220; &#8211; Wird unser Denken positiv dominiert, dann werden im Gehirn Hormone ausgesch\u00fcttet, die uns motivieren, gl\u00fccklich machen und uns helfen, erfolgreich zu sein. Durch ein Coaching mit mir kannst du dich deiner Gedanken, Gef\u00fchle und Reaktionen bewusst werden, neue Wege und L\u00f6sungen suchen und entwickeln.<\/p>\n","protected":false},"author":1687,"featured_media":2847,"parent":3159,"menu_order":4,"comment_status":"closed","ping_status":"closed","template":"","meta":{"inline_featured_image":false,"_uag_custom_page_level_css":"","site-sidebar-layout":"no-sidebar","site-content-layout":"page-builder","ast-site-content-layout":"default","site-content-style":"default","site-sidebar-style":"default","ast-global-header-display":"","ast-banner-title-visibility":"","ast-main-header-display":"","ast-hfb-above-header-display":"","ast-hfb-below-header-display":"","ast-hfb-mobile-header-display":"","site-post-title":"disabled","ast-breadcrumbs-content":"","ast-featured-img":"disabled","footer-sml-layout":"","ast-disable-related-posts":"","theme-transparent-header-meta":"","adv-header-id-meta":"","stick-header-meta":"","header-above-stick-meta":"","header-main-stick-meta":"","header-below-stick-meta":"","astra-migrate-meta-layouts":"set","ast-page-background-enabled":"default","ast-page-background-meta":{"desktop":{"background-color":"var(--ast-global-color-4)","background-image":"","background-repeat":"repeat","background-position":"center center","background-size":"auto","background-attachment":"scroll","background-type":"","background-media":"","overlay-type":"","overlay-color":"","overlay-opacity":"","overlay-gradient":""},"tablet":{"background-color":"","background-image":"","background-repeat":"repeat","background-position":"center center","background-size":"auto","background-attachment":"scroll","background-type":"","background-media":"","overlay-type":"","overlay-color":"","overlay-opacity":"","overlay-gradient":""},"mobile":{"background-color":"","background-image":"","background-repeat":"repeat","background-position":"center center","background-size":"auto","background-attachment":"scroll","background-type":"","background-media":"","overlay-type":"","overlay-color":"","overlay-opacity":"","overlay-gradient":""}},"ast-content-background-meta":{"desktop":{"background-color":"var(--ast-global-color-5)","background-image":"","background-repeat":"repeat","background-position":"center center","background-size":"auto","background-attachment":"scroll","background-type":"","background-media":"","overlay-type":"","overlay-color":"","overlay-opacity":"","overlay-gradient":""},"tablet":{"background-color":"var(--ast-global-color-5)","background-image":"","background-repeat":"repeat","background-position":"center center","background-size":"auto","background-attachment":"scroll","background-type":"","background-media":"","overlay-type":"","overlay-color":"","overlay-opacity":"","overlay-gradient":""},"mobile":{"background-color":"var(--ast-global-color-5)","background-image":"","background-repeat":"repeat","background-position":"center center","background-size":"auto","background-attachment":"scroll","background-type":"","background-media":"","overlay-type":"","overlay-color":"","overlay-opacity":"","overlay-gradient":""}},"_EventAllDay":false,"_EventTimezone":"","_EventStartDate":"","_EventEndDate":"","_EventStartDateUTC":"","_EventEndDateUTC":"","_EventShowMap":false,"_EventShowMapLink":false,"_EventURL":"","_EventCost":"","_EventCostDescription":"","_EventCurrencySymbol":"","_EventCurrencyCode":"","_EventCurrencyPosition":"","_EventDateTimeSeparator":"","_EventTimeRangeSeparator":"","_EventOrganizerID":[],"_EventVenueID":[],"_OrganizerEmail":"","_OrganizerPhone":"","_OrganizerWebsite":"","_VenueAddress":"","_VenueCity":"","_VenueCountry":"","_VenueProvince":"","_VenueState":"","_VenueZip":"","_VenuePhone":"","_VenueURL":"","_VenueStateProvince":"","_VenueLat":"","_VenueLng":"","_VenueShowMap":false,"_VenueShowMapLink":false,"footnotes":""},"class_list":["post-3150","page","type-page","status-publish","has-post-thumbnail","hentry"],"uagb_featured_image_src":{"full":["https:\/\/www.antjeseeber.com\/wp-content\/uploads\/iStock-1255203350-scaled.jpg",2560,1707,false],"thumbnail":["https:\/\/www.antjeseeber.com\/wp-content\/uploads\/iStock-1255203350-150x150.jpg",150,150,true],"medium":["https:\/\/www.antjeseeber.com\/wp-content\/uploads\/iStock-1255203350-300x200.jpg",300,200,true],"medium_large":["https:\/\/www.antjeseeber.com\/wp-content\/uploads\/iStock-1255203350-768x512.jpg",768,512,true],"large":["https:\/\/www.antjeseeber.com\/wp-content\/uploads\/iStock-1255203350-1024x683.jpg",1024,683,true],"1536x1536":["https:\/\/www.antjeseeber.com\/wp-content\/uploads\/iStock-1255203350-1536x1024.jpg",1536,1024,true],"2048x2048":["https:\/\/www.antjeseeber.com\/wp-content\/uploads\/iStock-1255203350-2048x1365.jpg",2048,1365,true],"woocommerce_thumbnail":["https:\/\/www.antjeseeber.com\/wp-content\/uploads\/iStock-1255203350-scaled-300x300.jpg",300,300,true],"woocommerce_single":["https:\/\/www.antjeseeber.com\/wp-content\/uploads\/iStock-1255203350-scaled.jpg",600,400,false],"woocommerce_gallery_thumbnail":["https:\/\/www.antjeseeber.com\/wp-content\/uploads\/iStock-1255203350-scaled-100x100.jpg",100,100,true]},"uagb_author_info":{"display_name":"void_n","author_link":"https:\/\/www.antjeseeber.com\/de\/author\/void_n\/"},"uagb_comment_info":0,"uagb_excerpt":"\"Wir sind, was wir denken\" - Wird unser Denken positiv dominiert, dann werden im Gehirn Hormone ausgesch\u00fcttet, die uns motivieren, gl\u00fccklich machen und uns helfen, erfolgreich zu sein. Durch ein Coaching mit mir kannst du dich deiner Gedanken, Gef\u00fchle und Reaktionen bewusst werden, neue Wege und L\u00f6sungen suchen und entwickeln.","_links":{"self":[{"href":"https:\/\/www.antjeseeber.com\/de\/wp-json\/wp\/v2\/pages\/3150","targetHints":{"allow":["GET"]}}],"collection":[{"href":"https:\/\/www.antjeseeber.com\/de\/wp-json\/wp\/v2\/pages"}],"about":[{"href":"https:\/\/www.antjeseeber.com\/de\/wp-json\/wp\/v2\/types\/page"}],"author":[{"embeddable":true,"href":"https:\/\/www.antjeseeber.com\/de\/wp-json\/wp\/v2\/users\/1687"}],"replies":[{"embeddable":true,"href":"https:\/\/www.antjeseeber.com\/de\/wp-json\/wp\/v2\/comments?post=3150"}],"version-history":[{"count":5,"href":"https:\/\/www.antjeseeber.com\/de\/wp-json\/wp\/v2\/pages\/3150\/revisions"}],"predecessor-version":[{"id":6600,"href":"https:\/\/www.antjeseeber.com\/de\/wp-json\/wp\/v2\/pages\/3150\/revisions\/6600"}],"up":[{"embeddable":true,"href":"https:\/\/www.antjeseeber.com\/de\/wp-json\/wp\/v2\/pages\/3159"}],"wp:featuredmedia":[{"embeddable":true,"href":"https:\/\/www.antjeseeber.com\/de\/wp-json\/wp\/v2\/media\/2847"}],"wp:attachment":[{"href":"https:\/\/www.antjeseeber.com\/de\/wp-json\/wp\/v2\/media?parent=3150"}],"curies":[{"name":"wp","href":"https:\/\/api.w.org\/{rel}","templated":true}]}}